{"id":193,"date":"2016-03-10T10:44:30","date_gmt":"2016-03-10T10:44:30","guid":{"rendered":"http:\/\/okthemes.com\/villenoirdemo\/?page_id=193"},"modified":"2026-04-03T11:27:14","modified_gmt":"2026-04-03T09:27:14","slug":"homepage","status":"publish","type":"page","link":"https:\/\/amandier.be\/1\/","title":{"rendered":"Home"},"content":{"rendered":"<p>[vc_row css_animation=&#8221;&#8221; css=&#8221;.vc_custom_1690048328923{margin-top: -30px !important;}&#8221;][vc_column width=&#8221;1\/2&#8243; css_animation=&#8221;&#8221;][vc_single_image image=&#8221;11&#8243; img_size=&#8221;large&#8221; css_animation=&#8221;&#8221;][\/vc_column][vc_column width=&#8221;1\/2&#8243; css_animation=&#8221;&#8221;]\n\t<div class=\"title-subtitle-box  vc_custom_1674297541127\" style=\" margin-bottom:90px; text-align: left;\">\n\t\t<p  style=\"\">L\u2019Amandier<\/p>\n\t<\/div> [vc_column_text css_animation=&#8221;&#8221;]Le chef, Martin Volkaerts, est tomb\u00e9 dans la gastronomie tout petit. Depuis 2022 il a repris les r\u00eanes du restaurant familial et l&#8217;a d\u00e9m\u00e9nag\u00e9 dans un magnifique \u00e9crin de verdure au centre de Genval. Il y propose une cuisine gastronomique et gourmande, un lieu charg\u00e9 d&#8217;histoire, une ambiance chaleureuse et un cadre de charme[\/vc_column_text][vc_column_text css_animation=&#8221;&#8221;]288, Avenue Albert 1er &#8211; 1332 Genval<\/p>\n<p>02\/653 06 71<\/p>\n<p>Restaurant ferm\u00e9 le mardi soir, mercredi, samedi midi et dimanche<\/p>\n<p><img loading=\"lazy\" decoding=\"async\" class=\"size-full wp-image-1869\" src=\"https:\/\/amandier.be\/1\/wp-content\/uploads\/2026\/01\/jj.jpg\" alt=\"\" width=\"222\" height=\"102\" \/>[\/vc_column_text][vc_icon icon_fontawesome=&#8221;fab fa-instagram&#8221; link=&#8221;url:https%3A%2F%2Fwww.instagram.com%2Frestaurant_lamandier%2F&#8221;][vc_icon icon_fontawesome=&#8221;fab fa-facebook-square&#8221; link=&#8221;url:https%3A%2F%2Fwww.facebook.com%2Fprofile.php%3Fid%3D100063660634456&#8243;][\/vc_column][\/vc_row][vc_row equal_height=&#8221;yes&#8221; content_placement=&#8221;middle&#8221; css_animation=&#8221;&#8221; css=&#8221;.vc_custom_1665835697025{margin-top: -30px !important;padding-bottom: 0px !important;}&#8221;][vc_column css_animation=&#8221;&#8221; css=&#8221;.vc_custom_1665836594059{margin-top: 0px !important;margin-right: 0px !important;margin-bottom: 0px !important;margin-left: 0px !important;padding-top: 0px !important;padding-right: 0px !important;padding-bottom: 0px !important;padding-left: 0px !important;background-image: url(https:\/\/photo-graphe.be\/wp-content\/uploads\/2022\/10\/amandier-new-9.jpg?id=1360) !important;background-position: center !important;background-repeat: no-repeat !important;background-size: cover !important;}&#8221; offset=&#8221;vc_col-lg-6 vc_col-md-6&#8243;][vc_single_image image=&#8221;17&#8243; img_size=&#8221;large&#8221; css_animation=&#8221;&#8221;][\/vc_column][vc_column css_animation=&#8221;&#8221; css=&#8221;.vc_custom_1460370835378{padding-top: 20% !important;padding-right: 20% !important;padding-bottom: 20% !important;padding-left: 20% !important;background-color: #f1f1f1 !important;}&#8221; offset=&#8221;vc_col-lg-6 vc_col-md-6&#8243;]\n\t<div class=\"title-subtitle-box  vc_custom_1677231106071\" style=\" margin-bottom:90px; text-align: left;\">\n\t\t<p  style=\"\">D\u00e9jeuner \u00e0<\/p>\n\t\t<h1 style=\" font-style: normal;\">L'Amandier<\/h1>\n\t<\/div> [vc_column_text css_animation=&#8221;&#8221; css=&#8221;.vc_custom_1775206564504{margin-bottom: 90px !important;}&#8221;]<\/p>\n<div class=\"one\">\n<div class=\"standard_wrapper\">\n<div class=\"page_content_wrapper\">\n<div class=\"inner\">\n<div class=\"one_half last parallax_scroll\" data-stellar-ratio=\"1.3\">\n<div class=\"page\" title=\"Page 1\">\n<div class=\"section\">\n<div class=\"layoutArea\">\n<div class=\"column\">\n<div class=\"page\" title=\"Page 1\">\n<div class=\"section\">\n<div class=\"layoutArea\">\n<div class=\"column\">\n<div class=\"page\" title=\"Page 1\">\n<div class=\"section\">\n<div class=\"layoutArea\">\n<div class=\"column\">\n<p><strong>La Travers\u00e9e<\/strong><\/p>\n<p>Mises en bouche d accueil.<br \/>\nCerfeuil, moules de corde.<br \/>\nAsperges, bourgeon de douglas, pignon de pin<br \/>\nCaille, morilles.<br \/>\nRiz au lait, rhubarbe.<br \/>\n<strong>Le Voyage<\/strong><\/p>\n<p>Dernie\u0300re commande a\u0300 13h<\/p>\n<p>Mises en bouche d accueil.<br \/>\nCerfeuil, moules de corde.<br \/>\nAsperges, bourgeon de douglas, pignon de pin<br \/>\nPluma Ib\u00e9rique, fraises, thym.<br \/>\nCaille, morilles.<br \/>\nRiz au lait, rhubarbe.<\/p>\n<p><strong>Business lunch<\/strong><\/p>\n<p>Mises en bouche d\u2019accueil Entre\u0301e<br \/>\nPlat<br \/>\nDessert<\/p>\n<p>Fromages &#8211; en supple\u0301ment 15\u20ac ou en remplacement du dessert 10\u20ac en deux pre\u0301parations<br \/>\nou<br \/>\nen assortiment de 4 fromages affine\u0301s.<\/p>\n<p><strong>La Traverse\u0301e<\/strong> 80\u20ac &#8211; en harmonie des vins 110\u20ac &#8211; en harmonie des vins Prestige 130e &#8211; en harmonie des eaux aromatise\u0301es 95\u20ac<br \/>\n<strong>Le Voyage<\/strong> 90\u20ac &#8211; en harmonie des vins 130\u20ac &#8211; en harmonie des vins Prestige 165\u20ac &#8211; en harmonie des eaux aromatise\u0301es 110\u20ac<br \/>\n<strong>Le Business lunch<\/strong> 50\u20ac &#8211; menu avec l\u2019haromnie des vins 70\u20ac<\/p>\n<\/div>\n<\/div>\n<div class=\"layoutArea\">\n<div class=\"column\">\n<p>Menu avec l\u2019harmonie des vins prestiges 85\u20ac &#8211; Menu avec l\u2019harmonie des eaux 60\u20ac<\/p>\n<div class=\"page\" title=\"Page 1\">\n<div class=\"section\">\n<div class=\"layoutArea\">\n<div class=\"column\">\n<p>Les menus sont servis pour l\u2019ensemble de la table. Toute allergie ou intole\u0301rance doit e\u0302tre signale\u0301e avant le repas.<\/p>\n<\/div>\n<\/div>\n<\/div>\n<\/div>\n<\/div>\n<\/div>\n<\/div>\n<\/div>\n<\/div>\n<\/div>\n<\/div>\n<\/div>\n<\/div>\n<\/div>\n<\/div>\n<\/div>\n<\/div>\n<\/div>\n<\/div>\n<\/div>\n<\/div>\n<p>[\/vc_column_text][vc_btn title=&#8221;R\u00e9servez&#8221; style=&#8221;custom&#8221; custom_background=&#8221;#000000&#8243; custom_text=&#8221;#ffffff&#8221; shape=&#8221;square&#8221; align=&#8221;center&#8221; css_animation=&#8221;&#8221; link=&#8221;url:https%3A%2F%2Famandier.be%2F1%2Freservations%2F|title:R%C3%A9servations&#8221;][\/vc_column][\/vc_row][vc_row equal_height=&#8221;yes&#8221; content_placement=&#8221;middle&#8221; css_animation=&#8221;&#8221; css=&#8221;.vc_custom_1665835705609{margin-top: -30px !important;padding-top: 0px !important;}&#8221;][vc_column css_animation=&#8221;&#8221; css=&#8221;.vc_custom_1460370856484{padding-top: 20% !important;padding-right: 20% !important;padding-bottom: 20% !important;padding-left: 20% !important;background-color: #f1f1f1 !important;}&#8221; offset=&#8221;vc_col-lg-6 vc_col-md-6&#8243;]\n\t<div class=\"title-subtitle-box  vc_custom_1677231158114\" style=\" margin-bottom:90px; text-align: left;\">\n\t\t<p  style=\"\">D\u00eener \u00e0<\/p>\n\t\t<h1 style=\" font-style: normal;\">L'Amandier<\/h1>\n\t<\/div> [vc_column_text css_animation=&#8221;&#8221; css=&#8221;.vc_custom_1775208413508{margin-bottom: 90px !important;}&#8221;]<\/p>\n<div class=\"one\">\n<div class=\"standard_wrapper\">\n<div class=\"page_content_wrapper\">\n<div class=\"inner\">\n<div class=\"one_half last parallax_scroll\" data-stellar-ratio=\"1.3\">\n<div class=\"page\" title=\"Page 1\">\n<div class=\"section\">\n<div class=\"layoutArea\">\n<div class=\"column\">\n<div class=\"page\" title=\"Page 1\">\n<div class=\"section\">\n<div class=\"layoutArea\">\n<div class=\"column\">\n<div class=\"page\" title=\"Page 2\">\n<div class=\"section\">\n<div class=\"layoutArea\">\n<div class=\"column\">\n<p><strong>Le Voyage<\/strong><\/p>\n<\/div>\n<\/div>\n<div class=\"layoutArea\">\n<div class=\"column\">\n<p>Mises en bouche d accueil.<br \/>\nCerfeuil, moules de corde.<br \/>\nAsperges, bourgeon de douglas, pignon de pin<br \/>\nPluma Ib\u00e9rique, fraises, thym.<br \/>\nCaille, morilles.<br \/>\nRiz au lait, rhubarbe.<\/p>\n<p><strong>L\u2019Envol<\/strong><\/p>\n<p>Mises en bouche d accueil.<br \/>\nCerfeuil, moules de corde.<br \/>\nAsperges, bourgeon de douglas, pignon de pin<br \/>\nOEuf, caviar Sturia.<br \/>\nPluma Ib\u00e9rique, fraises, thym.<br \/>\nCaille, morilles.<br \/>\nRiz au lait, rhubarbe.<\/p>\n<p>Fromages &#8211; en supple\u0301ment 15\u20ac ou en remplacement du dessert 10\u20ac en deux pre\u0301parations<br \/>\nou<br \/>\nen assortiment de 4 fromages affine\u0301s<\/p>\n<p><strong>Le Voyage<\/strong> 90\u20ac &#8211; en harmonie des vins 130\u20ac &#8211; en harmonie des vins Prestige 165\u20ac &#8211; en harmonie des eaux aromatis\u00e9es 110\u20ac<\/p>\n<p><strong>L\u2019Envol<\/strong> 110\u20ac &#8211; en harmonie des vins 165\u20ac &#8211; en harmonie des vins Prestige 200\u20ac &#8211; en harmonie des eaux aromatis\u00e9es 140\u20ac<\/p>\n<div class=\"page\" title=\"Page 2\">\n<div class=\"section\">\n<div class=\"layoutArea\">\n<div class=\"column\">\n<p>Les menus sont servis pour l\u2019ensemble de la table. Toute allergie ou intole\u0301rance doit e\u0302tre signale\u0301e avant le repas.<\/p>\n<\/div>\n<\/div>\n<\/div>\n<\/div>\n<\/div>\n<\/div>\n<\/div>\n<\/div>\n<\/div>\n<\/div>\n<\/div>\n<\/div>\n<\/div>\n<\/div>\n<\/div>\n<\/div>\n<\/div>\n<\/div>\n<\/div>\n<\/div>\n<\/div>\n<p>[\/vc_column_text][vc_btn title=&#8221;R\u00e9servez&#8221; style=&#8221;custom&#8221; custom_background=&#8221;#000000&#8243; custom_text=&#8221;#ffffff&#8221; shape=&#8221;square&#8221; align=&#8221;center&#8221; css_animation=&#8221;&#8221; link=&#8221;url:https%3A%2F%2Famandier.be%2F1%2Freservations%2F|title:R%C3%A9servations&#8221;][\/vc_column][vc_column css_animation=&#8221;&#8221; css=&#8221;.vc_custom_1665836709242{margin-top: 0px !important;margin-right: 0px !important;margin-bottom: 0px !important;margin-left: 0px !important;padding-top: 0px !important;padding-right: 0px !important;padding-bottom: 0px !important;padding-left: 0px !important;background-image: url(https:\/\/photo-graphe.be\/wp-content\/uploads\/2022\/10\/amandier-new-39.jpg?id=1390) !important;background-position: center !important;background-repeat: no-repeat !important;background-size: cover !important;}&#8221; offset=&#8221;vc_col-lg-6 vc_col-md-6&#8243;][vc_single_image image=&#8221;1825&#8243; img_size=&#8221;large&#8221; css_animation=&#8221;&#8221;][\/vc_column][\/vc_row][vc_row equal_height=&#8221;yes&#8221; content_placement=&#8221;middle&#8221; css_animation=&#8221;&#8221; css=&#8221;.vc_custom_1665835688847{margin-top: -30px !important;}&#8221;][vc_column css_animation=&#8221;&#8221; css=&#8221;.vc_custom_1469107067587{padding-top: 20% !important;padding-right: 20% !important;padding-bottom: 20% !important;padding-left: 20% !important;background-image: url(https:\/\/okthemes.com\/villenoirdemo\/wp-content\/uploads\/2016\/03\/box-promo-pattern-17.png?id=1051) !important;background-position: 0 0 !important;background-repeat: repeat !important;}&#8221; offset=&#8221;vc_col-lg-6 vc_col-md-6&#8243;][vc_single_image image=&#8221;1050&#8243; img_size=&#8221;full&#8221; alignment=&#8221;center&#8221; css_animation=&#8221;&#8221;]\n\t<div class=\"title-subtitle-box  vc_custom_1674298564856\" style=\" margin-bottom:90px; text-align: center;\">\n\t\t<h1 style=\" color:#ffffff;  font-style: normal;\">D\u00e9couvrez nos chambres la Glycine et l\u2019Eucalyptus<\/h1>\n\t<\/div> [vc_btn title=&#8221;Plus d&#8217;infos&#8221; style=&#8221;custom&#8221; custom_background=&#8221;#b0976d&#8221; custom_text=&#8221;#ffffff&#8221; shape=&#8221;square&#8221; align=&#8221;center&#8221; css_animation=&#8221;&#8221; link=&#8221;url:https%3A%2F%2Famandier.be%2F1%2Fchambres%2F|title:Chambres&#8221; css=&#8221;.vc_custom_1677181157132{margin-right: 30px !important;margin-bottom: 0px !important;}&#8221;][\/vc_column][vc_column css_animation=&#8221;&#8221; css=&#8221;.vc_custom_1673273630908{margin-top: 0px !important;margin-right: 0px !important;margin-bottom: 0px !important;margin-left: 0px !important;padding-top: 0px !important;padding-right: 0px !important;padding-bottom: 0px !important;padding-left: 0px !important;background-image: url(https:\/\/photo-graphe.be\/wp-content\/uploads\/2023\/01\/MIC2986.jpg?id=1494) !important;background-position: 0 0 !important;background-repeat: no-repeat !important;}&#8221; offset=&#8221;vc_col-lg-6 vc_col-md-6&#8243;][vc_single_image image=&#8221;1653&#8243; img_size=&#8221;large&#8221; css_animation=&#8221;&#8221;][\/vc_column][\/vc_row][vc_row full_width=&#8221;stretch_row&#8221; content_placement=&#8221;middle&#8221; css_animation=&#8221;&#8221; css=&#8221;.vc_custom_1469107465065{background-image: url(https:\/\/okthemes.com\/villenoirdemo\/wp-content\/uploads\/2016\/03\/visit-us-back-17.jpg?id=1059) !important;background-position: center !important;background-repeat: no-repeat !important;background-size: cover !important;}&#8221; el_class=&#8221;center-text&#8221;][vc_column css_animation=&#8221;&#8221; css=&#8221;.vc_custom_1460548154083{padding-top: 0px !important;}&#8221; offset=&#8221;vc_col-lg-offset-3 vc_col-lg-6 vc_col-md-12&#8243;]\n\t<div class=\"title-subtitle-box  \" style=\" text-align: center;\">\n\t\t<p  style=\"\">L'Amandier<\/p>\n\t\t<h1 style=\" font-style: normal;\">Vous voulez en savoir plus<\/h1>\n\t<\/div> [vc_column_text css_animation=&#8221;&#8221; css=&#8221;.vc_custom_1673008515079{margin-bottom: 90px !important;}&#8221;]<\/p>\n<p style=\"text-align: center;\">Notre histoire, notre restaurant vous int\u00e9resse, visitez notre galerie photos et d\u00e9couvrez notre ligne du temps.<\/p>\n<p>[\/vc_column_text][vc_btn title=&#8221;Gallerie&#8221; style=&#8221;custom&#8221; custom_background=&#8221;#b0976d&#8221; custom_text=&#8221;#ffffff&#8221; shape=&#8221;square&#8221; css_animation=&#8221;&#8221; link=&#8221;url:https%3A%2F%2Famandier.be%2F1%2Fgallery%2F|title:Gallerie&#8221; css=&#8221;.vc_custom_1677181169295{margin-right: 30px !important;margin-bottom: 0px !important;}&#8221;][vc_btn title=&#8221;Notre histoire&#8221; style=&#8221;custom&#8221; custom_background=&#8221;#000000&#8243; custom_text=&#8221;#ffffff&#8221; shape=&#8221;square&#8221; css_animation=&#8221;&#8221; link=&#8221;url:https%3A%2F%2Famandier.be%2F1%2Four-story%2F|title:Histoire&#8221; css=&#8221;.vc_custom_1677181180826{margin-bottom: 0px !important;}&#8221;][\/vc_column][\/vc_row]<\/p>\n","protected":false},"excerpt":{"rendered":"<p>[vc_row css_animation=&#8221;&#8221; css=&#8221;.vc_custom_1690048328923{margin-top: -30px !important;}&#8221;][vc_column width=&#8221;1\/2&#8243; css_animation=&#8221;&#8221;][vc_single_image image=&#8221;11&#8243; img_size=&#8221;large&#8221; css_animation=&#8221;&#8221;][\/vc_column][vc_column width=&#8221;1\/2&#8243; css_animation=&#8221;&#8221;][vc_column_text css_animation=&#8221;&#8221;]Le chef, Martin Volkaerts, est tomb\u00e9 dans la gastronomie tout petit. Depuis 2022 il a repris les r\u00eanes du restaurant familial et l&#8217;a d\u00e9m\u00e9nag\u00e9 dans un magnifique \u00e9crin de verdure au centre de Genval. Il y propose une cuisine gastronomique et gourmande, un<br class=\"read-more-spacer\"> <a class=\"more-link\" href=\"https:\/\/amandier.be\/1\/\">Read More<\/a><\/p>\n","protected":false},"author":1,"featured_media":0,"parent":0,"menu_order":0,"comment_status":"closed","ping_status":"closed","template":"","meta":{"footnotes":""},"class_list":["post-193","page","type-page","status-publish","hentry"],"acf":[],"_links":{"self":[{"href":"https:\/\/amandier.be\/1\/wp-json\/wp\/v2\/pages\/193","targetHints":{"allow":["GET"]}}],"collection":[{"href":"https:\/\/amandier.be\/1\/wp-json\/wp\/v2\/pages"}],"about":[{"href":"https:\/\/amandier.be\/1\/wp-json\/wp\/v2\/types\/page"}],"author":[{"embeddable":true,"href":"https:\/\/amandier.be\/1\/wp-json\/wp\/v2\/users\/1"}],"replies":[{"embeddable":true,"href":"https:\/\/amandier.be\/1\/wp-json\/wp\/v2\/comments?post=193"}],"version-history":[{"count":144,"href":"https:\/\/amandier.be\/1\/wp-json\/wp\/v2\/pages\/193\/revisions"}],"predecessor-version":[{"id":1876,"href":"https:\/\/amandier.be\/1\/wp-json\/wp\/v2\/pages\/193\/revisions\/1876"}],"wp:attachment":[{"href":"https:\/\/amandier.be\/1\/wp-json\/wp\/v2\/media?parent=193"}],"curies":[{"name":"wp","href":"https:\/\/api.w.org\/{rel}","templated":true}]}}